{"id":641,"date":"2022-06-23T22:26:52","date_gmt":"2022-06-23T20:26:52","guid":{"rendered":"https:\/\/adric-interculturel.com\/citoyennete\/?page_id=641"},"modified":"2022-06-30T18:49:35","modified_gmt":"2022-06-30T16:49:35","slug":"guide-de-bonnes-pratiques-sur-la-mixite-dans-les-activites-jeunesses","status":"publish","type":"page","link":"https:\/\/adric-interculturel.com\/citoyennete\/guide-de-bonnes-pratiques-sur-la-mixite-dans-les-activites-jeunesses\/","title":{"rendered":"Guide de bonnes pratiques sur la mixit\u00e9 dans les activit\u00e9s jeunesses"},"content":{"rendered":"\nEn 2016, l\u2019ADRIC a men\u00e9 le projet \u00ab&nbsp;Capitaliser les savoirs pour favoriser l\u2019acc\u00e8s des femmes \u00e0 la citoyennet\u00e9&nbsp;\u00bb avec le soutien du CGET, du Conseil r\u00e9gional d\u2019Ile-de-France et de la Mairie de Paris. A l\u2019issue de plusieurs ateliers de concertation et de sensibilisation, un livret de capitalisation des savoirs a \u00e9t\u00e9 \u00e9dit\u00e9, et est pr\u00e9sent\u00e9 \u00e9galement sur ce site.\n\n\n\n\n<div style=\"height:20px\" aria-hidden=\"true\" class=\"wp-block-spacer\"><\/div>\n\n\n\n\nLors de ces travaux, la question\nde l\u2019acc\u00e8s des femmes \u00e0 la citoyennet\u00e9 \u00e0 travers la participation des filles et\njeunes filles aux activit\u00e9s sportives et culturelles offertes par les\nassociations et lieux de socialisation a \u00e9t\u00e9 relev\u00e9e comme essentielle. Et pour\naboutir \u00e0 une r\u00e9elle transformation des comportements, l\u2019objectif de mixit\u00e9\ndoit \u00eatre articul\u00e9 avec celui de l\u2019\u00e9galit\u00e9 filles-gar\u00e7ons.\n\n\n\n\n<div style=\"height:20px\" aria-hidden=\"true\" class=\"wp-block-spacer\"><\/div>\n\n\n\n\nSi les constats sur les obstacles identifi\u00e9s en 2016 sont toujours pertinents, l\u2019ADRIC a souhait\u00e9 aller plus loin en \u00e9laborant un guide de bonnes pratiques mettant en avant des solutions et dispositifs concrets en \u0153uvre d\u00e8s \u00e0 pr\u00e9sent sur le terrain.\n\n\n\n\n<div style=\"height:20px\" aria-hidden=\"true\" class=\"wp-block-spacer\"><\/div>\n\n\n\n\n\n<hr class=\"wp-block-separator has-css-opacity\"\/>\n\n\n\n\nCe guide des bonnes pratiques,\nsoutenu par la Ville de Paris, a \u00e9t\u00e9 r\u00e9alis\u00e9 \u00e0 partir des r\u00e9ponses \u00e0 une\nenqu\u00eate de terrain men\u00e9e par l\u2019ADRIC entre mars et juin 2021. Dix structures\nparisiennes engag\u00e9es dans l\u2019accueil des jeunes de 5 \u00e0 18 ans, dans le cadre\nd\u2019activit\u00e9s culturelles, sportives et de loisirs ont \u00e9t\u00e9 interrog\u00e9es gr\u00e2ce \u00e0 un\nquestionnaire semi-directif, suite \u00e0 une prise de contact et de pr\u00e9sentation en\nd\u00e9but d\u2019ann\u00e9e 2021. Une des structures d\u00e9veloppe \u00e9galement des activit\u00e9s\nsportives pour les personnes exil\u00e9es, notamment des femmes victimes de\nviolences.\n\n\n\n\n<div style=\"height:30px\" aria-hidden=\"true\" class=\"wp-block-spacer\"><\/div>\n\n\n\n\nLors des \u00e9changes avec des animateurs-rices,\ndirecteur-rices ou charg\u00e9-e-s de projets, ont \u00e9t\u00e9 abord\u00e9es les questions de\nl\u2019engagement des filles et des jeunes femmes dans les activit\u00e9s de loisirs et\nsportives , des freins \u00e0 leur inscription et participation et de la fa\u00e7on de\nfaire vivre la mixit\u00e9 au sein des structures.\n\n\n\n\n<div style=\"height:20px\" aria-hidden=\"true\" class=\"wp-block-spacer\"><\/div>\n\n\n\n\nLes recommandations et bonnes pratiques figurant dans ce guide sont issues de ces discussions, enrichies de quelques dispositifs et programmes existants sur d\u2019autres territoires.\n\n\n\n\n<div style=\"height:20px\" aria-hidden=\"true\" class=\"wp-block-spacer\"><\/div>\n\n\n\n\n\n<hr class=\"wp-block-separator has-css-opacity\"\/>\n\n\n\n\nIl se pr\u00e9sente en chapitres th\u00e9matiques :\n\n\n\n\n<div style=\"height:10px\" aria-hidden=\"true\" class=\"wp-block-spacer\"><\/div>\n\n\n\n\n<strong><a href=\"https:\/\/adric-interculturel.com\/citoyennete\/guide-de-bonnes-pratiques-sur-la-mixite-dans-les-activites-jeunesses\/penser-la-mixite-des-lorganisation-et-la-planification-des-activites\/\" target=\"_blank\" rel=\"noreferrer noopener\" aria-label=\"Penser la mixit\u00e9 d\u00e8s l\u2019organisation et la planification des activit\u00e9s (s\u2019ouvre dans un nouvel onglet)\">Penser la mixit\u00e9 d\u00e8s l\u2019organisation et la planification des activit\u00e9s<\/a><\/strong>\n\n\n\n\n<div style=\"height:10px\" aria-hidden=\"true\" class=\"wp-block-spacer\"><\/div>\n\n\n\n\n<strong><a rel=\"noreferrer noopener\" aria-label=\"Mieux communiquer autour des activit\u00e9s (s\u2019ouvre dans un nouvel onglet)\" href=\"https:\/\/adric-interculturel.com\/citoyennete\/guide-de-bonnes-pratiques-sur-la-mixite-dans-les-activites-jeunesses\/mieux-communiquer-autour-des-activites\/\" target=\"_blank\">Mieux communiquer autour des activit\u00e9s<\/a><\/strong>\n\n\n\n\n<div style=\"height:10px\" aria-hidden=\"true\" class=\"wp-block-spacer\"><\/div>\n\n\n\n\n<strong><a href=\"https:\/\/adric-interculturel.com\/citoyennete\/guide-de-bonnes-pratiques-sur-la-mixite-dans-les-activites-jeunesses\/favoriser-linscription-des-filles-et-jeunes-femmes\/\" target=\"_blank\" rel=\"noreferrer noopener\" aria-label=\"Favoriser l\u2019inscription des filles et jeunes femmes (s\u2019ouvre dans un nouvel onglet)\">Favoriser l\u2019inscription des filles et jeunes femmes<\/a><\/strong>\n\n\n\n\n<div style=\"height:10px\" aria-hidden=\"true\" class=\"wp-block-spacer\"><\/div>\n\n\n\n\n<strong><a href=\"https:\/\/adric-interculturel.com\/citoyennete\/guide-de-bonnes-pratiques-sur-la-mixite-dans-les-activites-jeunesses\/faire-vivre-la-mixite-dans-la-pratique-des-activites\/\" target=\"_blank\" rel=\"noreferrer noopener\" aria-label=\"Faire vivre la mixit\u00e9 dans la pratique des activit\u00e9s (s\u2019ouvre dans un nouvel onglet)\">Faire vivre la mixit\u00e9 dans la pratique des activit\u00e9s<\/a><\/strong>\n\n\n\n\n<div style=\"height:10px\" aria-hidden=\"true\" class=\"wp-block-spacer\"><\/div>\n\n\n\n\n<strong><a rel=\"noreferrer noopener\" aria-label=\"Am\u00e9liorer l\u2019implication de l\u2019encadrement sur la mixit\u00e9 (s\u2019ouvre dans un nouvel onglet)\" href=\"http:\/\/Am\u00e9liorer l\u2019implication de l\u2019encadrement sur la mixit\u00e9\" target=\"_blank\">Am\u00e9liorer l\u2019implication de l\u2019encadrement sur la mixit\u00e9<\/a><\/strong>\n\n\n\n\n<div style=\"height:52px\" aria-hidden=\"true\" class=\"wp-block-spacer\"><\/div>\n\n\n\n\n\n\n\n\n\n<p class=\"has-text-align-center\"><strong>Pour t\u00e9l\u00e9charger le guide en format pdf cliquez sur l&#8217;image<\/strong><\/p>\n\n\n\n\n<figure class=\"wp-block-image size-large\"><a href=\"https:\/\/adric-interculturel.com\/citoyennete\/wp-content\/uploads\/2022\/06\/GUIDES-DE-BONNES-PRATIQUES-SUR-LEXERCICE-DE-LA-MIXITE-DANS-LES-ACTIVITES-JEUNESSE.pdf\"><img data-attachment-id=\"799\" data-permalink=\"https:\/\/adric-interculturel.com\/citoyennete\/guide\/\" data-orig-file=\"https:\/\/i2.wp.com\/adric-interculturel.com\/citoyennete\/wp-content\/uploads\/2022\/06\/Guide.jpg?fit=900%2C1284&amp;ssl=1\" data-orig-size=\"900,1284\" data-comments-opened=\"0\" data-image-meta=\"{&quot;aperture&quot;:&quot;0&quot;,&quot;credit&quot;:&quot;&quot;,&quot;camera&quot;:&quot;&quot;,&quot;caption&quot;:&quot;&quot;,&quot;created_timestamp&quot;:&quot;0&quot;,&quot;copyright&quot;:&quot;&quot;,&quot;focal_length&quot;:&quot;0&quot;,&quot;iso&quot;:&quot;0&quot;,&quot;shutter_speed&quot;:&quot;0&quot;,&quot;title&quot;:&quot;&quot;,&quot;orientation&quot;:&quot;0&quot;}\" data-image-title=\"Guide\" data-image-description=\"\" data-medium-file=\"https:\/\/i2.wp.com\/adric-interculturel.com\/citoyennete\/wp-content\/uploads\/2022\/06\/Guide.jpg?fit=210%2C300&amp;ssl=1\" data-large-file=\"https:\/\/i2.wp.com\/adric-interculturel.com\/citoyennete\/wp-content\/uploads\/2022\/06\/Guide.jpg?fit=640%2C913&amp;ssl=1\" loading=\"lazy\" src=\"https:\/\/i2.wp.com\/adric-interculturel.com\/citoyennete\/wp-content\/uploads\/2022\/06\/Guide.jpg?resize=640%2C913&#038;ssl=1\" alt=\"\" class=\"wp-image-799\" srcset=\"https:\/\/i2.wp.com\/adric-interculturel.com\/citoyennete\/wp-content\/uploads\/2022\/06\/Guide.jpg?resize=718%2C1024&amp;ssl=1 718w, https:\/\/i2.wp.com\/adric-interculturel.com\/citoyennete\/wp-content\/uploads\/2022\/06\/Guide.jpg?resize=210%2C300&amp;ssl=1 210w, https:\/\/i2.wp.com\/adric-interculturel.com\/citoyennete\/wp-content\/uploads\/2022\/06\/Guide.jpg?resize=768%2C1096&amp;ssl=1 768w, https:\/\/i2.wp.com\/adric-interculturel.com\/citoyennete\/wp-content\/uploads\/2022\/06\/Guide.jpg?resize=175%2C250&amp;ssl=1 175w, https:\/\/i2.wp.com\/adric-interculturel.com\/citoyennete\/wp-content\/uploads\/2022\/06\/Guide.jpg?w=900&amp;ssl=1 900w\" sizes=\"(max-width: 640px) 100vw, 640px\" data-recalc-dims=\"1\" \/><\/a><\/figure>\n\n\n\n<figure class=\"wp-block-image alignright is-resized\"><img data-attachment-id=\"671\" data-permalink=\"https:\/\/adric-interculturel.com\/citoyennete\/guide-de-bonnes-pratiques-sur-la-mixite-dans-les-activites-jeunesses\/ville-de-paris\/\" data-orig-file=\"https:\/\/i2.wp.com\/adric-interculturel.com\/citoyennete\/wp-content\/uploads\/2022\/06\/Ville-de-Paris.png?fit=406%2C402&amp;ssl=1\" data-orig-size=\"406,402\" data-comments-opened=\"0\" data-image-meta=\"{&quot;aperture&quot;:&quot;0&quot;,&quot;credit&quot;:&quot;&quot;,&quot;camera&quot;:&quot;&quot;,&quot;caption&quot;:&quot;&quot;,&quot;created_timestamp&quot;:&quot;0&quot;,&quot;copyright&quot;:&quot;&quot;,&quot;focal_length&quot;:&quot;0&quot;,&quot;iso&quot;:&quot;0&quot;,&quot;shutter_speed&quot;:&quot;0&quot;,&quot;title&quot;:&quot;&quot;,&quot;orientation&quot;:&quot;0&quot;}\" data-image-title=\"Ville de Paris\" data-image-description=\"\" data-medium-file=\"https:\/\/i2.wp.com\/adric-interculturel.com\/citoyennete\/wp-content\/uploads\/2022\/06\/Ville-de-Paris.png?fit=300%2C297&amp;ssl=1\" data-large-file=\"https:\/\/i2.wp.com\/adric-interculturel.com\/citoyennete\/wp-content\/uploads\/2022\/06\/Ville-de-Paris.png?fit=406%2C402&amp;ssl=1\" loading=\"lazy\" src=\"https:\/\/i2.wp.com\/adric-interculturel.com\/citoyennete\/wp-content\/uploads\/2022\/06\/Ville-de-Paris.png?resize=191%2C189&#038;ssl=1\" alt=\"\" class=\"wp-image-671\" srcset=\"https:\/\/i2.wp.com\/adric-interculturel.com\/citoyennete\/wp-content\/uploads\/2022\/06\/Ville-de-Paris.png?w=406&amp;ssl=1 406w, https:\/\/i2.wp.com\/adric-interculturel.com\/citoyennete\/wp-content\/uploads\/2022\/06\/Ville-de-Paris.png?resize=300%2C297&amp;ssl=1 300w, https:\/\/i2.wp.com\/adric-interculturel.com\/citoyennete\/wp-content\/uploads\/2022\/06\/Ville-de-Paris.png?resize=252%2C250&amp;ssl=1 252w\" sizes=\"(max-width: 191px) 100vw, 191px\" data-recalc-dims=\"1\" \/>\n\n<figcaption>Avec le soutien de la Ville de Paris<\/figcaption>\n\n<\/figure>\n","protected":false},"excerpt":{"rendered":"<p>En 2016, l\u2019ADRIC a men\u00e9 le projet \u00ab&nbsp;Capitaliser les savoirs pour favoriser l\u2019acc\u00e8s des femmes \u00e0 la citoyennet\u00e9&nbsp;\u00bb avec le soutien du CGET, du Conseil r\u00e9gional d\u2019Ile-de-France et de la Mairie de Paris. A l\u2019issue de plusieurs ateliers de concertation et de sensibilisation, un livret de capitalisation des savoirs a \u00e9t\u00e9 \u00e9dit\u00e9, et est pr\u00e9sent\u00e9 [&hellip;]<\/p>\n","protected":false},"author":1,"featured_media":0,"parent":0,"menu_order":0,"comment_status":"closed","ping_status":"closed","template":"","meta":{"_monsterinsights_skip_tracking":false,"_monsterinsights_sitenote_active":false,"_monsterinsights_sitenote_note":"","_monsterinsights_sitenote_category":0},"_links":{"self":[{"href":"https:\/\/adric-interculturel.com\/citoyennete\/wp-json\/wp\/v2\/pages\/641"}],"collection":[{"href":"https:\/\/adric-interculturel.com\/citoyennete\/wp-json\/wp\/v2\/pages"}],"about":[{"href":"https:\/\/adric-interculturel.com\/citoyennete\/wp-json\/wp\/v2\/types\/page"}],"author":[{"embeddable":true,"href":"https:\/\/adric-interculturel.com\/citoyennete\/wp-json\/wp\/v2\/users\/1"}],"replies":[{"embeddable":true,"href":"https:\/\/adric-interculturel.com\/citoyennete\/wp-json\/wp\/v2\/comments?post=641"}],"version-history":[{"count":52,"href":"https:\/\/adric-interculturel.com\/citoyennete\/wp-json\/wp\/v2\/pages\/641\/revisions"}],"predecessor-version":[{"id":812,"href":"https:\/\/adric-interculturel.com\/citoyennete\/wp-json\/wp\/v2\/pages\/641\/revisions\/812"}],"wp:attachment":[{"href":"https:\/\/adric-interculturel.com\/citoyennete\/wp-json\/wp\/v2\/media?parent=641"}],"curies":[{"name":"wp","href":"https:\/\/api.w.org\/{rel}","templated":true}]}}