{"id":490,"date":"2019-03-06T11:31:17","date_gmt":"2019-03-06T10:31:17","guid":{"rendered":"http:\/\/adric-interculturel.com\/discriminations\/?page_id=490"},"modified":"2019-09-06T12:20:27","modified_gmt":"2019-09-06T10:20:27","slug":"accueil","status":"publish","type":"page","link":"https:\/\/adric-interculturel.com\/discriminations\/","title":{"rendered":"Femmes issues des immigrations &#8211; Face aux violences et aux discriminations"},"content":{"rendered":"<div id=\"pl-490\"  class=\"panel-layout\" ><div id=\"pg-490-0\"  class=\"panel-grid panel-no-style\" ><div id=\"pgc-490-0-0\"  class=\"panel-grid-cell\" ><div id=\"panel-490-0-0-0\" class=\"so-panel widget widget_sow-headline panel-first-child\" data-index=\"0\" ><div\n\t\t\t\n\t\t\tclass=\"so-widget-sow-headline so-widget-sow-headline-default-98dc6fff397f-490\"\n\t\t\t\n\t\t><div class=\"sow-headline-container \">\n\t\t\t\t\t\t\t<h3 class=\"sow-headline\">\n\t\t\t\t\t\tUn guide \u00e9labor\u00e9 avec le soutien de la Ville de Paris et de la Pr\u00e9fecture \u00cele-de-France\t\t\t\t\t\t<\/h3>\n\t\t\t\t\t\t\t\t\t\t\t<div class=\"decoration\">\n\t\t\t\t\t\t<div class=\"decoration-inside\"><\/div>\n\t\t\t\t\t<\/div>\n\t\t\t\t\t<\/div>\n<\/div><\/div><div id=\"panel-490-0-0-1\" class=\"so-panel widget widget_sow-post-carousel\" data-index=\"1\" ><div\n\t\t\t\n\t\t\tclass=\"so-widget-sow-post-carousel so-widget-sow-post-carousel-base-ad93eedad001-490\"\n\t\t\t\n\t\t>\t<div\n\t\tclass=\"sow-post-carousel-wrapper sow-post-carousel-theme-base\"\n\t\tstyle=\"overflow: hidden; max-width: 100%; min-height: 182px\"\n\t>\n\t\t<div class=\"sow-carousel-title has-title\">\n\t<h3 class=\"widget-title\">Mieux appr\u00e9hender les questions pos\u00e9es<\/h3>\t\t<div class=\"sow-carousel-navigation \">\n\t\t\t\t\t\t<a href=\"#\" class=\"sow-carousel-next\" title=\"Next\" aria-label=\"Next Posts\" role=\"button\"><\/a>\n\t\t\t\t\t\t<a href=\"#\" class=\"sow-carousel-previous\" title=\"Previous\" aria-label=\"Previous Posts\" role=\"button\"><\/a>\n\t\t\t\t\t<\/div>\n\t<\/div>\n\n<div class=\"sow-carousel-container \">\n\t\t<div class=\"sow-carousel-wrapper\"\n\t\tdata-dir=\"ltr\"\n\t\tstyle=\"opacity: 0;\"\n\t\tdata-widget=\"post\" data-fetching=\"false\" data-page=\"1\" data-ajax-url=\"https:\/\/adric-interculturel.com\/discriminations\/wp-admin\/admin-ajax.php?_widgets_nonce=42d665d19a\" data-item_count=\"4\" data-carousel_settings=\"{&quot;loop&quot;:true,&quot;animation&quot;:&quot;Ease&quot;,&quot;animation_speed&quot;:400,&quot;autoplay&quot;:&quot;&quot;,&quot;pauseOnHover&quot;:&quot;&quot;,&quot;autoplaySpeed&quot;:8000,&quot;item_overflow&quot;:true,&quot;autoplay_continuous_scroll&quot;:false}\" data-responsive=\"{&quot;desktop_slides_to_scroll&quot;:1,&quot;tablet_landscape_breakpoint&quot;:1366,&quot;tablet_landscape_slides_to_scroll&quot;:2,&quot;tablet_portrait_breakpoint&quot;:1025,&quot;tablet_portrait_slides_to_scroll&quot;:2,&quot;mobile_breakpoint&quot;:480,&quot;mobile_slides_to_scroll&quot;:1}\" data-variable_width=\"true\" \t>\n\t\t<div\n\t\t\tclass=\"sow-carousel-items\"\n\t\t\t\t\t>\n\t\t\t\t<div class=\"sow-carousel-item\" tabindex=\"-1\" style=\"float: left;\">\n\t\t<div class=\"sow-carousel-thumbnail\">\n\t\t\t\t\t\t\t<a\n\t\t\t\t\thref=\"https:\/\/adric-interculturel.com\/discriminations\/des-denominations-a-eclaircir\/\"\n\t\t\t\t\t\t\t\t\t\tstyle=\"background-image: url( https:\/\/adric-interculturel.com\/discriminations\/wp-content\/uploads\/2019\/06\/ADRI-Vignette1021x683pxls-page-li\u00e9e-1-1-272x182.jpg )\"\n\t\t\t\t\taria-labelledby=\"sow-carousel-id-147\"\n\t\t\t\t\ttabindex=\"-1\"\n\t\t\t\t>\n\t\t\t\t\t<span class=\"overlay\"><\/span>\n\t\t\t\t<\/a>\n\t\t\t\t\t<\/div>\n\t\t<h3 class=\"sow-carousel-item-title\">\n\t\t\t<a\n\t\t\t\thref=\"https:\/\/adric-interculturel.com\/discriminations\/des-denominations-a-eclaircir\/\"\n\t\t\t\tid=\"sow-carousel-id-147\"\n\t\t\t\t\t\t\t\ttabindex=\"-1\"\n\t\t\t>\n\n\t\t\t\tDes d\u00e9nominations \u00e0 \u00e9claircir\t\t\t<\/a>\n\t\t<\/h3>\n\t<\/div>\n\t\t<div class=\"sow-carousel-item\" tabindex=\"-1\" style=\"float: left;\">\n\t\t<div class=\"sow-carousel-thumbnail\">\n\t\t\t\t\t\t\t<a\n\t\t\t\t\thref=\"https:\/\/adric-interculturel.com\/discriminations\/une-realite-qui-tranche-avec-les-idees-recues\/\"\n\t\t\t\t\t\t\t\t\t\tstyle=\"background-image: url( https:\/\/adric-interculturel.com\/discriminations\/wp-content\/uploads\/2019\/06\/ADRI-Vignette1021x683pxls-page-li\u00e9e-1-2-272x182.jpg )\"\n\t\t\t\t\taria-labelledby=\"sow-carousel-id-196\"\n\t\t\t\t\ttabindex=\"-1\"\n\t\t\t\t>\n\t\t\t\t\t<span class=\"overlay\"><\/span>\n\t\t\t\t<\/a>\n\t\t\t\t\t<\/div>\n\t\t<h3 class=\"sow-carousel-item-title\">\n\t\t\t<a\n\t\t\t\thref=\"https:\/\/adric-interculturel.com\/discriminations\/une-realite-qui-tranche-avec-les-idees-recues\/\"\n\t\t\t\tid=\"sow-carousel-id-196\"\n\t\t\t\t\t\t\t\ttabindex=\"-1\"\n\t\t\t>\n\n\t\t\t\tUne r\u00e9alit\u00e9 qui tranche avec les id\u00e9es re\u00e7ues\t\t\t<\/a>\n\t\t<\/h3>\n\t<\/div>\n\t\t<div class=\"sow-carousel-item\" tabindex=\"-1\" style=\"float: left;\">\n\t\t<div class=\"sow-carousel-thumbnail\">\n\t\t\t\t\t\t\t<a\n\t\t\t\t\thref=\"https:\/\/adric-interculturel.com\/discriminations\/femmes-face-au-sexisme-convergences-et-divergences\/\"\n\t\t\t\t\t\t\t\t\t\tstyle=\"background-image: url( https:\/\/adric-interculturel.com\/discriminations\/wp-content\/uploads\/2019\/06\/ADRI-Vignette1021x683pxls-page-li\u00e9e-1-3-272x182.jpg )\"\n\t\t\t\t\taria-labelledby=\"sow-carousel-id-362\"\n\t\t\t\t\ttabindex=\"-1\"\n\t\t\t\t>\n\t\t\t\t\t<span class=\"overlay\"><\/span>\n\t\t\t\t<\/a>\n\t\t\t\t\t<\/div>\n\t\t<h3 class=\"sow-carousel-item-title\">\n\t\t\t<a\n\t\t\t\thref=\"https:\/\/adric-interculturel.com\/discriminations\/femmes-face-au-sexisme-convergences-et-divergences\/\"\n\t\t\t\tid=\"sow-carousel-id-362\"\n\t\t\t\t\t\t\t\ttabindex=\"-1\"\n\t\t\t>\n\n\t\t\t\tFemmes face au sexisme : convergences et divergences\t\t\t<\/a>\n\t\t<\/h3>\n\t<\/div>\n\t\t<div class=\"sow-carousel-item\" tabindex=\"-1\" style=\"float: left;\">\n\t\t<div class=\"sow-carousel-thumbnail\">\n\t\t\t\t\t\t\t<a\n\t\t\t\t\thref=\"https:\/\/adric-interculturel.com\/discriminations\/femmes-issues-des-immigrations-particularites-face-au-sexisme\/\"\n\t\t\t\t\t\t\t\t\t\tstyle=\"background-image: url( https:\/\/adric-interculturel.com\/discriminations\/wp-content\/uploads\/2019\/06\/ADRI-Vignette1021x683pxls-page-li\u00e9e-1-4-272x182.jpg )\"\n\t\t\t\t\taria-labelledby=\"sow-carousel-id-378\"\n\t\t\t\t\ttabindex=\"-1\"\n\t\t\t\t>\n\t\t\t\t\t<span class=\"overlay\"><\/span>\n\t\t\t\t<\/a>\n\t\t\t\t\t<\/div>\n\t\t<h3 class=\"sow-carousel-item-title\">\n\t\t\t<a\n\t\t\t\thref=\"https:\/\/adric-interculturel.com\/discriminations\/femmes-issues-des-immigrations-particularites-face-au-sexisme\/\"\n\t\t\t\tid=\"sow-carousel-id-378\"\n\t\t\t\t\t\t\t\ttabindex=\"-1\"\n\t\t\t>\n\n\t\t\t\tFemmes issues des immigrations : particularit\u00e9s face au sexisme\t\t\t<\/a>\n\t\t<\/h3>\n\t<\/div>\n\t\t\t<\/div>\n\t\t\t<\/div>\n\n\t<\/div>\n\t\t<input type=\"hidden\" name=\"instance_hash\" value=\"44e9bfb4\"\/>\n\t<\/div>\n<\/div><\/div><div id=\"panel-490-0-0-2\" class=\"so-panel widget widget_sow-post-carousel\" data-index=\"2\" ><div\n\t\t\t\n\t\t\tclass=\"so-widget-sow-post-carousel so-widget-sow-post-carousel-base-ad93eedad001-378\"\n\t\t\t\n\t\t>\t<div\n\t\tclass=\"sow-post-carousel-wrapper sow-post-carousel-theme-base\"\n\t\tstyle=\"overflow: hidden; max-width: 100%; min-height: 182px\"\n\t>\n\t\t<div class=\"sow-carousel-title has-title\">\n\t<h3 class=\"widget-title\">Mieux cerner les situations-probl\u00e8mes<\/h3>\t\t<div class=\"sow-carousel-navigation \">\n\t\t\t\t\t\t<a href=\"#\" class=\"sow-carousel-next\" title=\"Next\" aria-label=\"Next Posts\" role=\"button\"><\/a>\n\t\t\t\t\t\t<a href=\"#\" class=\"sow-carousel-previous\" title=\"Previous\" aria-label=\"Previous Posts\" role=\"button\"><\/a>\n\t\t\t\t\t<\/div>\n\t<\/div>\n\n<div class=\"sow-carousel-container \">\n\t\t<div class=\"sow-carousel-wrapper\"\n\t\tdata-dir=\"ltr\"\n\t\tstyle=\"opacity: 0;\"\n\t\tdata-widget=\"post\" data-fetching=\"false\" data-page=\"1\" data-ajax-url=\"https:\/\/adric-interculturel.com\/discriminations\/wp-admin\/admin-ajax.php?_widgets_nonce=42d665d19a\" data-item_count=\"4\" data-carousel_settings=\"{&quot;loop&quot;:true,&quot;animation&quot;:&quot;Ease&quot;,&quot;animation_speed&quot;:400,&quot;autoplay&quot;:&quot;&quot;,&quot;pauseOnHover&quot;:&quot;&quot;,&quot;autoplaySpeed&quot;:8000,&quot;item_overflow&quot;:true,&quot;autoplay_continuous_scroll&quot;:false}\" data-responsive=\"{&quot;desktop_slides_to_scroll&quot;:1,&quot;tablet_landscape_breakpoint&quot;:1366,&quot;tablet_landscape_slides_to_scroll&quot;:2,&quot;tablet_portrait_breakpoint&quot;:1025,&quot;tablet_portrait_slides_to_scroll&quot;:2,&quot;mobile_breakpoint&quot;:480,&quot;mobile_slides_to_scroll&quot;:1}\" data-variable_width=\"true\" \t>\n\t\t<div\n\t\t\tclass=\"sow-carousel-items\"\n\t\t\t\t\t>\n\t\t\t\t<div class=\"sow-carousel-item\" tabindex=\"-1\" style=\"float: left;\">\n\t\t<div class=\"sow-carousel-thumbnail\">\n\t\t\t\t\t\t\t<a\n\t\t\t\t\thref=\"https:\/\/adric-interculturel.com\/discriminations\/insuffisances-liees-au-processus-de-re-enracinement\/\"\n\t\t\t\t\t\t\t\t\t\tstyle=\"background-image: url( https:\/\/adric-interculturel.com\/discriminations\/wp-content\/uploads\/2019\/06\/ADRI-Vignette1021x683pxls-page-li\u00e9e-2-1-272x182.jpg )\"\n\t\t\t\t\taria-labelledby=\"sow-carousel-id-382\"\n\t\t\t\t\ttabindex=\"-1\"\n\t\t\t\t>\n\t\t\t\t\t<span class=\"overlay\"><\/span>\n\t\t\t\t<\/a>\n\t\t\t\t\t<\/div>\n\t\t<h3 class=\"sow-carousel-item-title\">\n\t\t\t<a\n\t\t\t\thref=\"https:\/\/adric-interculturel.com\/discriminations\/insuffisances-liees-au-processus-de-re-enracinement\/\"\n\t\t\t\tid=\"sow-carousel-id-382\"\n\t\t\t\t\t\t\t\ttabindex=\"-1\"\n\t\t\t>\n\n\t\t\t\tInsuffisances li\u00e9es au processus de r\u00e9-enracinement\t\t\t<\/a>\n\t\t<\/h3>\n\t<\/div>\n\t\t<div class=\"sow-carousel-item\" tabindex=\"-1\" style=\"float: left;\">\n\t\t<div class=\"sow-carousel-thumbnail\">\n\t\t\t\t\t\t\t<a\n\t\t\t\t\thref=\"https:\/\/adric-interculturel.com\/discriminations\/sexisme-racisme-et-discriminations-liees-a-lorigine\/\"\n\t\t\t\t\t\t\t\t\t\tstyle=\"background-image: url( https:\/\/adric-interculturel.com\/discriminations\/wp-content\/uploads\/2019\/06\/ADRI-Vignette1021x683pxls-page-li\u00e9e-2-2-272x182.jpg )\"\n\t\t\t\t\taria-labelledby=\"sow-carousel-id-390\"\n\t\t\t\t\ttabindex=\"-1\"\n\t\t\t\t>\n\t\t\t\t\t<span class=\"overlay\"><\/span>\n\t\t\t\t<\/a>\n\t\t\t\t\t<\/div>\n\t\t<h3 class=\"sow-carousel-item-title\">\n\t\t\t<a\n\t\t\t\thref=\"https:\/\/adric-interculturel.com\/discriminations\/sexisme-racisme-et-discriminations-liees-a-lorigine\/\"\n\t\t\t\tid=\"sow-carousel-id-390\"\n\t\t\t\t\t\t\t\ttabindex=\"-1\"\n\t\t\t>\n\n\t\t\t\tSexisme, racisme et discriminations li\u00e9es \u00e0 l\u2019origine\t\t\t<\/a>\n\t\t<\/h3>\n\t<\/div>\n\t\t<div class=\"sow-carousel-item\" tabindex=\"-1\" style=\"float: left;\">\n\t\t<div class=\"sow-carousel-thumbnail\">\n\t\t\t\t\t\t\t<a\n\t\t\t\t\thref=\"https:\/\/adric-interculturel.com\/discriminations\/violences-sexistes-et-sexuelles-a-des-fins-dexploitation\/\"\n\t\t\t\t\t\t\t\t\t\tstyle=\"background-image: url( https:\/\/adric-interculturel.com\/discriminations\/wp-content\/uploads\/2019\/06\/ADRI-Vignette1021x683pxls-page-li\u00e9e-2-3-272x182.jpg )\"\n\t\t\t\t\taria-labelledby=\"sow-carousel-id-418\"\n\t\t\t\t\ttabindex=\"-1\"\n\t\t\t\t>\n\t\t\t\t\t<span class=\"overlay\"><\/span>\n\t\t\t\t<\/a>\n\t\t\t\t\t<\/div>\n\t\t<h3 class=\"sow-carousel-item-title\">\n\t\t\t<a\n\t\t\t\thref=\"https:\/\/adric-interculturel.com\/discriminations\/violences-sexistes-et-sexuelles-a-des-fins-dexploitation\/\"\n\t\t\t\tid=\"sow-carousel-id-418\"\n\t\t\t\t\t\t\t\ttabindex=\"-1\"\n\t\t\t>\n\n\t\t\t\tViolences sexistes et sexuelles \u00e0 des fins d\u2019exploitation\t\t\t<\/a>\n\t\t<\/h3>\n\t<\/div>\n\t\t<div class=\"sow-carousel-item\" tabindex=\"-1\" style=\"float: left;\">\n\t\t<div class=\"sow-carousel-thumbnail\">\n\t\t\t\t\t\t\t<a\n\t\t\t\t\thref=\"https:\/\/adric-interculturel.com\/discriminations\/contraintes-et-violences-justifiees-par-le-culturel-et-le-cultuel\/\"\n\t\t\t\t\t\t\t\t\t\tstyle=\"background-image: url( https:\/\/adric-interculturel.com\/discriminations\/wp-content\/uploads\/2019\/06\/ADRI-Vignette1021x683pxls-page-li\u00e9e-2-4-272x182.jpg )\"\n\t\t\t\t\taria-labelledby=\"sow-carousel-id-420\"\n\t\t\t\t\ttabindex=\"-1\"\n\t\t\t\t>\n\t\t\t\t\t<span class=\"overlay\"><\/span>\n\t\t\t\t<\/a>\n\t\t\t\t\t<\/div>\n\t\t<h3 class=\"sow-carousel-item-title\">\n\t\t\t<a\n\t\t\t\thref=\"https:\/\/adric-interculturel.com\/discriminations\/contraintes-et-violences-justifiees-par-le-culturel-et-le-cultuel\/\"\n\t\t\t\tid=\"sow-carousel-id-420\"\n\t\t\t\t\t\t\t\ttabindex=\"-1\"\n\t\t\t>\n\n\t\t\t\tContraintes et violences justifi\u00e9es par le culturel et le cultuel\t\t\t<\/a>\n\t\t<\/h3>\n\t<\/div>\n\t\t\t<\/div>\n\t\t\t<\/div>\n\n\t<\/div>\n\t\t<input type=\"hidden\" name=\"instance_hash\" value=\"96c8cdf2\"\/>\n\t<\/div>\n<\/div><\/div><div id=\"panel-490-0-0-3\" class=\"so-panel widget widget_sow-post-carousel\" data-index=\"3\" ><div\n\t\t\t\n\t\t\tclass=\"so-widget-sow-post-carousel so-widget-sow-post-carousel-base-ad93eedad001-420\"\n\t\t\t\n\t\t>\t<div\n\t\tclass=\"sow-post-carousel-wrapper sow-post-carousel-theme-base\"\n\t\tstyle=\"overflow: hidden; max-width: 100%; min-height: 182px\"\n\t>\n\t\t<div class=\"sow-carousel-title has-title\">\n\t<h3 class=\"widget-title\">Mieux analyser les situations rencontr\u00e9es<\/h3>\t\t<div class=\"sow-carousel-navigation \">\n\t\t\t\t\t\t<a href=\"#\" class=\"sow-carousel-next\" title=\"Next\" aria-label=\"Next Posts\" role=\"button\"><\/a>\n\t\t\t\t\t\t<a href=\"#\" class=\"sow-carousel-previous\" title=\"Previous\" aria-label=\"Previous Posts\" role=\"button\"><\/a>\n\t\t\t\t\t<\/div>\n\t<\/div>\n\n<div class=\"sow-carousel-container \">\n\t\t<div class=\"sow-carousel-wrapper\"\n\t\tdata-dir=\"ltr\"\n\t\tstyle=\"opacity: 0;\"\n\t\tdata-widget=\"post\" data-fetching=\"false\" data-page=\"1\" data-ajax-url=\"https:\/\/adric-interculturel.com\/discriminations\/wp-admin\/admin-ajax.php?_widgets_nonce=42d665d19a\" data-item_count=\"6\" data-carousel_settings=\"{&quot;loop&quot;:true,&quot;animation&quot;:&quot;Ease&quot;,&quot;animation_speed&quot;:400,&quot;autoplay&quot;:&quot;&quot;,&quot;pauseOnHover&quot;:&quot;&quot;,&quot;autoplaySpeed&quot;:8000,&quot;item_overflow&quot;:true,&quot;autoplay_continuous_scroll&quot;:false}\" data-responsive=\"{&quot;desktop_slides_to_scroll&quot;:1,&quot;tablet_landscape_breakpoint&quot;:1366,&quot;tablet_landscape_slides_to_scroll&quot;:2,&quot;tablet_portrait_breakpoint&quot;:1025,&quot;tablet_portrait_slides_to_scroll&quot;:2,&quot;mobile_breakpoint&quot;:480,&quot;mobile_slides_to_scroll&quot;:1}\" data-variable_width=\"true\" \t>\n\t\t<div\n\t\t\tclass=\"sow-carousel-items\"\n\t\t\t\t\t>\n\t\t\t\t<div class=\"sow-carousel-item\" tabindex=\"-1\" style=\"float: left;\">\n\t\t<div class=\"sow-carousel-thumbnail\">\n\t\t\t\t\t\t\t<a\n\t\t\t\t\thref=\"https:\/\/adric-interculturel.com\/discriminations\/le-vecu-des-femmes-issues-des-immigrations-face-au-cumul-des-discriminations-recouvre-une-realite-multiforme\/\"\n\t\t\t\t\t\t\t\t\t\tstyle=\"background-image: url( https:\/\/adric-interculturel.com\/discriminations\/wp-content\/uploads\/2019\/06\/ADRI-Vignette1021x683pxls-page-li\u00e9e-3-1-272x182.jpg )\"\n\t\t\t\t\taria-labelledby=\"sow-carousel-id-428\"\n\t\t\t\t\ttabindex=\"-1\"\n\t\t\t\t>\n\t\t\t\t\t<span class=\"overlay\"><\/span>\n\t\t\t\t<\/a>\n\t\t\t\t\t<\/div>\n\t\t<h3 class=\"sow-carousel-item-title\">\n\t\t\t<a\n\t\t\t\thref=\"https:\/\/adric-interculturel.com\/discriminations\/le-vecu-des-femmes-issues-des-immigrations-face-au-cumul-des-discriminations-recouvre-une-realite-multiforme\/\"\n\t\t\t\tid=\"sow-carousel-id-428\"\n\t\t\t\t\t\t\t\ttabindex=\"-1\"\n\t\t\t>\n\n\t\t\t\tLe v\u00e9cu des femmes issues des immigrations face au cumul des discriminations recouvre une r\u00e9alit\u00e9 multiforme\t\t\t<\/a>\n\t\t<\/h3>\n\t<\/div>\n\t\t<div class=\"sow-carousel-item\" tabindex=\"-1\" style=\"float: left;\">\n\t\t<div class=\"sow-carousel-thumbnail\">\n\t\t\t\t\t\t\t<a\n\t\t\t\t\thref=\"https:\/\/adric-interculturel.com\/discriminations\/le-reperage-de-larticulation-entre-le-sexisme-et-le-racisme-ou-dautres-types-de-discrimination-ne-va-pas-de-soi\/\"\n\t\t\t\t\t\t\t\t\t\tstyle=\"background-image: url( https:\/\/adric-interculturel.com\/discriminations\/wp-content\/uploads\/2019\/06\/ADRI-Vignette1021x683pxls-page-li\u00e9e-3-2-272x182.jpg )\"\n\t\t\t\t\taria-labelledby=\"sow-carousel-id-434\"\n\t\t\t\t\ttabindex=\"-1\"\n\t\t\t\t>\n\t\t\t\t\t<span class=\"overlay\"><\/span>\n\t\t\t\t<\/a>\n\t\t\t\t\t<\/div>\n\t\t<h3 class=\"sow-carousel-item-title\">\n\t\t\t<a\n\t\t\t\thref=\"https:\/\/adric-interculturel.com\/discriminations\/le-reperage-de-larticulation-entre-le-sexisme-et-le-racisme-ou-dautres-types-de-discrimination-ne-va-pas-de-soi\/\"\n\t\t\t\tid=\"sow-carousel-id-434\"\n\t\t\t\t\t\t\t\ttabindex=\"-1\"\n\t\t\t>\n\n\t\t\t\tLe rep\u00e9rage de l\u2019articulation entre le sexisme et le racisme, ou d\u2019autres types de discrimination ne va pas de soi\t\t\t<\/a>\n\t\t<\/h3>\n\t<\/div>\n\t\t<div class=\"sow-carousel-item\" tabindex=\"-1\" style=\"float: left;\">\n\t\t<div class=\"sow-carousel-thumbnail\">\n\t\t\t\t\t\t\t<a\n\t\t\t\t\thref=\"https:\/\/adric-interculturel.com\/discriminations\/les-stereotypes-sur-les-femmes-issues-des-immigrations-renforcent-les-effets-du-sexisme\/\"\n\t\t\t\t\t\t\t\t\t\tstyle=\"background-image: url( https:\/\/adric-interculturel.com\/discriminations\/wp-content\/uploads\/2019\/06\/ADRI-Vignette1021x683pxls-page-li\u00e9e-3-3-272x182.jpg )\"\n\t\t\t\t\taria-labelledby=\"sow-carousel-id-436\"\n\t\t\t\t\ttabindex=\"-1\"\n\t\t\t\t>\n\t\t\t\t\t<span class=\"overlay\"><\/span>\n\t\t\t\t<\/a>\n\t\t\t\t\t<\/div>\n\t\t<h3 class=\"sow-carousel-item-title\">\n\t\t\t<a\n\t\t\t\thref=\"https:\/\/adric-interculturel.com\/discriminations\/les-stereotypes-sur-les-femmes-issues-des-immigrations-renforcent-les-effets-du-sexisme\/\"\n\t\t\t\tid=\"sow-carousel-id-436\"\n\t\t\t\t\t\t\t\ttabindex=\"-1\"\n\t\t\t>\n\n\t\t\t\tLes st\u00e9r\u00e9otypes sur les femmes issues des immigrations renforcent les effets du sexisme\t\t\t<\/a>\n\t\t<\/h3>\n\t<\/div>\n\t\t<div class=\"sow-carousel-item\" tabindex=\"-1\" style=\"float: left;\">\n\t\t<div class=\"sow-carousel-thumbnail\">\n\t\t\t\t\t\t\t<a\n\t\t\t\t\thref=\"https:\/\/adric-interculturel.com\/discriminations\/linstrumentalisation-politique-du-religieux-agit-contre-les-droits-des-femmes\/\"\n\t\t\t\t\t\t\t\t\t\tstyle=\"background-image: url( https:\/\/adric-interculturel.com\/discriminations\/wp-content\/uploads\/2019\/06\/ADRI-Vignette1021x683pxls-page-li\u00e9e-3-4-272x182.jpg )\"\n\t\t\t\t\taria-labelledby=\"sow-carousel-id-438\"\n\t\t\t\t\ttabindex=\"-1\"\n\t\t\t\t>\n\t\t\t\t\t<span class=\"overlay\"><\/span>\n\t\t\t\t<\/a>\n\t\t\t\t\t<\/div>\n\t\t<h3 class=\"sow-carousel-item-title\">\n\t\t\t<a\n\t\t\t\thref=\"https:\/\/adric-interculturel.com\/discriminations\/linstrumentalisation-politique-du-religieux-agit-contre-les-droits-des-femmes\/\"\n\t\t\t\tid=\"sow-carousel-id-438\"\n\t\t\t\t\t\t\t\ttabindex=\"-1\"\n\t\t\t>\n\n\t\t\t\tL\u2019instrumentalisation politique du religieux agit contre les droits des femmes\t\t\t<\/a>\n\t\t<\/h3>\n\t<\/div>\n\t\t<div class=\"sow-carousel-item\" tabindex=\"-1\" style=\"float: left;\">\n\t\t<div class=\"sow-carousel-thumbnail\">\n\t\t\t\t\t\t\t<a\n\t\t\t\t\thref=\"https:\/\/adric-interculturel.com\/discriminations\/divers-concepts-et-approches\/\"\n\t\t\t\t\t\t\t\t\t\tstyle=\"background-image: url( https:\/\/adric-interculturel.com\/discriminations\/wp-content\/uploads\/2019\/06\/ADRI-Vignette1021x683pxls-page-li\u00e9e-3-5-272x182.jpg )\"\n\t\t\t\t\taria-labelledby=\"sow-carousel-id-441\"\n\t\t\t\t\ttabindex=\"-1\"\n\t\t\t\t>\n\t\t\t\t\t<span class=\"overlay\"><\/span>\n\t\t\t\t<\/a>\n\t\t\t\t\t<\/div>\n\t\t<h3 class=\"sow-carousel-item-title\">\n\t\t\t<a\n\t\t\t\thref=\"https:\/\/adric-interculturel.com\/discriminations\/divers-concepts-et-approches\/\"\n\t\t\t\tid=\"sow-carousel-id-441\"\n\t\t\t\t\t\t\t\ttabindex=\"-1\"\n\t\t\t>\n\n\t\t\t\tDivers concepts et approches\t\t\t<\/a>\n\t\t<\/h3>\n\t<\/div>\n\t\t<div class=\"sow-carousel-item\" tabindex=\"-1\" style=\"float: left;\">\n\t\t<div class=\"sow-carousel-thumbnail\">\n\t\t\t\t\t\t\t<a\n\t\t\t\t\thref=\"https:\/\/adric-interculturel.com\/discriminations\/points-de-vigilance\/\"\n\t\t\t\t\t\t\t\t\t\tstyle=\"background-image: url( https:\/\/adric-interculturel.com\/discriminations\/wp-content\/uploads\/2019\/06\/ADRI-Vignette1021x683pxls-page-lie\u0123e-3-6-272x182.jpg )\"\n\t\t\t\t\taria-labelledby=\"sow-carousel-id-443\"\n\t\t\t\t\ttabindex=\"-1\"\n\t\t\t\t>\n\t\t\t\t\t<span class=\"overlay\"><\/span>\n\t\t\t\t<\/a>\n\t\t\t\t\t<\/div>\n\t\t<h3 class=\"sow-carousel-item-title\">\n\t\t\t<a\n\t\t\t\thref=\"https:\/\/adric-interculturel.com\/discriminations\/points-de-vigilance\/\"\n\t\t\t\tid=\"sow-carousel-id-443\"\n\t\t\t\t\t\t\t\ttabindex=\"-1\"\n\t\t\t>\n\n\t\t\t\tPoints de vigilance\t\t\t<\/a>\n\t\t<\/h3>\n\t<\/div>\n\t\t\t<\/div>\n\t\t\t<\/div>\n\n\t<\/div>\n\t\t<input type=\"hidden\" name=\"instance_hash\" value=\"84f35ad9\"\/>\n\t<\/div>\n<\/div><\/div><div id=\"panel-490-0-0-4\" class=\"so-panel widget widget_sow-post-carousel\" data-index=\"4\" ><div\n\t\t\t\n\t\t\tclass=\"so-widget-sow-post-carousel so-widget-sow-post-carousel-base-ad93eedad001-443\"\n\t\t\t\n\t\t>\t<div\n\t\tclass=\"sow-post-carousel-wrapper sow-post-carousel-theme-base\"\n\t\tstyle=\"overflow: hidden; max-width: 100%; min-height: 182px\"\n\t>\n\t\t<div class=\"sow-carousel-title has-title\">\n\t<h3 class=\"widget-title\">Mieux agir en faveur de l\u2019acc\u00e8s aux droits et \u00e0 la citoyennet\u00e9 <\/h3>\t\t<div class=\"sow-carousel-navigation \">\n\t\t\t\t\t\t<a href=\"#\" class=\"sow-carousel-next\" title=\"Next\" aria-label=\"Next Posts\" role=\"button\"><\/a>\n\t\t\t\t\t\t<a href=\"#\" class=\"sow-carousel-previous\" title=\"Previous\" aria-label=\"Previous Posts\" role=\"button\"><\/a>\n\t\t\t\t\t<\/div>\n\t<\/div>\n\n<div class=\"sow-carousel-container \">\n\t\t<div class=\"sow-carousel-wrapper\"\n\t\tdata-dir=\"ltr\"\n\t\tstyle=\"opacity: 0;\"\n\t\tdata-widget=\"post\" data-fetching=\"false\" data-page=\"1\" data-ajax-url=\"https:\/\/adric-interculturel.com\/discriminations\/wp-admin\/admin-ajax.php?_widgets_nonce=42d665d19a\" data-item_count=\"3\" data-carousel_settings=\"{&quot;loop&quot;:true,&quot;animation&quot;:&quot;Ease&quot;,&quot;animation_speed&quot;:400,&quot;autoplay&quot;:&quot;&quot;,&quot;pauseOnHover&quot;:&quot;&quot;,&quot;autoplaySpeed&quot;:8000,&quot;item_overflow&quot;:true,&quot;autoplay_continuous_scroll&quot;:false}\" data-responsive=\"{&quot;desktop_slides_to_scroll&quot;:1,&quot;tablet_landscape_breakpoint&quot;:1366,&quot;tablet_landscape_slides_to_scroll&quot;:2,&quot;tablet_portrait_breakpoint&quot;:1025,&quot;tablet_portrait_slides_to_scroll&quot;:2,&quot;mobile_breakpoint&quot;:480,&quot;mobile_slides_to_scroll&quot;:1}\" data-variable_width=\"true\" \t>\n\t\t<div\n\t\t\tclass=\"sow-carousel-items\"\n\t\t\t\t\t>\n\t\t\t\t<div class=\"sow-carousel-item\" tabindex=\"-1\" style=\"float: left;\">\n\t\t<div class=\"sow-carousel-thumbnail\">\n\t\t\t\t\t\t\t<a\n\t\t\t\t\thref=\"https:\/\/adric-interculturel.com\/discriminations\/bases-pour-une-posture-appropriee-dans-laccueil-et-accompagnement\/\"\n\t\t\t\t\t\t\t\t\t\tstyle=\"background-image: url( https:\/\/adric-interculturel.com\/discriminations\/wp-content\/uploads\/2019\/06\/ADRI-Vignette1021x683pxls-page-li\u00e9e-4-1-272x182.jpg )\"\n\t\t\t\t\taria-labelledby=\"sow-carousel-id-457\"\n\t\t\t\t\ttabindex=\"-1\"\n\t\t\t\t>\n\t\t\t\t\t<span class=\"overlay\"><\/span>\n\t\t\t\t<\/a>\n\t\t\t\t\t<\/div>\n\t\t<h3 class=\"sow-carousel-item-title\">\n\t\t\t<a\n\t\t\t\thref=\"https:\/\/adric-interculturel.com\/discriminations\/bases-pour-une-posture-appropriee-dans-laccueil-et-accompagnement\/\"\n\t\t\t\tid=\"sow-carousel-id-457\"\n\t\t\t\t\t\t\t\ttabindex=\"-1\"\n\t\t\t>\n\n\t\t\t\tBases pour une posture appropri\u00e9e dans l\u2019accueil et accompagnement\t\t\t<\/a>\n\t\t<\/h3>\n\t<\/div>\n\t\t<div class=\"sow-carousel-item\" tabindex=\"-1\" style=\"float: left;\">\n\t\t<div class=\"sow-carousel-thumbnail\">\n\t\t\t\t\t\t\t<a\n\t\t\t\t\thref=\"https:\/\/adric-interculturel.com\/discriminations\/les-femmes-et-les-cultures-les-erreurs-courantes\/\"\n\t\t\t\t\t\t\t\t\t\tstyle=\"background-image: url( https:\/\/adric-interculturel.com\/discriminations\/wp-content\/uploads\/2019\/06\/ADRI-Vignette1021x683pxls-page-li\u00e9e-4-2-272x182.jpg )\"\n\t\t\t\t\taria-labelledby=\"sow-carousel-id-464\"\n\t\t\t\t\ttabindex=\"-1\"\n\t\t\t\t>\n\t\t\t\t\t<span class=\"overlay\"><\/span>\n\t\t\t\t<\/a>\n\t\t\t\t\t<\/div>\n\t\t<h3 class=\"sow-carousel-item-title\">\n\t\t\t<a\n\t\t\t\thref=\"https:\/\/adric-interculturel.com\/discriminations\/les-femmes-et-les-cultures-les-erreurs-courantes\/\"\n\t\t\t\tid=\"sow-carousel-id-464\"\n\t\t\t\t\t\t\t\ttabindex=\"-1\"\n\t\t\t>\n\n\t\t\t\tLes femmes et les cultures : les erreurs courantes\t\t\t<\/a>\n\t\t<\/h3>\n\t<\/div>\n\t\t<div class=\"sow-carousel-item\" tabindex=\"-1\" style=\"float: left;\">\n\t\t<div class=\"sow-carousel-thumbnail\">\n\t\t\t\t\t\t\t<a\n\t\t\t\t\thref=\"https:\/\/adric-interculturel.com\/discriminations\/apports-dune-approche-interculturelle-dynamique\/\"\n\t\t\t\t\t\t\t\t\t\tstyle=\"background-image: url( https:\/\/adric-interculturel.com\/discriminations\/wp-content\/uploads\/2019\/06\/ADRI-Vignette1021x683pxls-page-li\u00e9e-4-3-272x182.jpg )\"\n\t\t\t\t\taria-labelledby=\"sow-carousel-id-466\"\n\t\t\t\t\ttabindex=\"-1\"\n\t\t\t\t>\n\t\t\t\t\t<span class=\"overlay\"><\/span>\n\t\t\t\t<\/a>\n\t\t\t\t\t<\/div>\n\t\t<h3 class=\"sow-carousel-item-title\">\n\t\t\t<a\n\t\t\t\thref=\"https:\/\/adric-interculturel.com\/discriminations\/apports-dune-approche-interculturelle-dynamique\/\"\n\t\t\t\tid=\"sow-carousel-id-466\"\n\t\t\t\t\t\t\t\ttabindex=\"-1\"\n\t\t\t>\n\n\t\t\t\tApports d\u2019une approche interculturelle dynamique\t\t\t<\/a>\n\t\t<\/h3>\n\t<\/div>\n\t\t\t<\/div>\n\t\t\t<\/div>\n\n\t<\/div>\n\t\t<input type=\"hidden\" name=\"instance_hash\" value=\"a5e37433\"\/>\n\t<\/div>\n<\/div><\/div><div id=\"panel-490-0-0-5\" class=\"so-panel widget widget_sow-post-carousel panel-last-child\" data-index=\"5\" ><div\n\t\t\t\n\t\t\tclass=\"so-widget-sow-post-carousel so-widget-sow-post-carousel-base-ad93eedad001-466\"\n\t\t\t\n\t\t>\t<div\n\t\tclass=\"sow-post-carousel-wrapper sow-post-carousel-theme-base\"\n\t\tstyle=\"overflow: hidden; max-width: 100%; min-height: 182px\"\n\t>\n\t\t<div class=\"sow-carousel-title has-title\">\n\t<h3 class=\"widget-title\">Ressources pour d\u00e9velopper des bonnes pratiques<\/h3>\t\t<div class=\"sow-carousel-navigation \">\n\t\t\t\t\t\t<a href=\"#\" class=\"sow-carousel-next\" title=\"Next\" aria-label=\"Next Posts\" role=\"button\"><\/a>\n\t\t\t\t\t\t<a href=\"#\" class=\"sow-carousel-previous\" title=\"Previous\" aria-label=\"Previous Posts\" role=\"button\"><\/a>\n\t\t\t\t\t<\/div>\n\t<\/div>\n\n<div class=\"sow-carousel-container \">\n\t\t<div class=\"sow-carousel-wrapper\"\n\t\tdata-dir=\"ltr\"\n\t\tstyle=\"opacity: 0;\"\n\t\tdata-widget=\"post\" data-fetching=\"false\" data-page=\"1\" data-ajax-url=\"https:\/\/adric-interculturel.com\/discriminations\/wp-admin\/admin-ajax.php?_widgets_nonce=42d665d19a\" data-item_count=\"4\" data-carousel_settings=\"{&quot;loop&quot;:true,&quot;animation&quot;:&quot;Ease&quot;,&quot;animation_speed&quot;:400,&quot;autoplay&quot;:&quot;&quot;,&quot;pauseOnHover&quot;:&quot;&quot;,&quot;autoplaySpeed&quot;:8000,&quot;item_overflow&quot;:true,&quot;autoplay_continuous_scroll&quot;:false}\" data-responsive=\"{&quot;desktop_slides_to_scroll&quot;:1,&quot;tablet_landscape_breakpoint&quot;:1366,&quot;tablet_landscape_slides_to_scroll&quot;:2,&quot;tablet_portrait_breakpoint&quot;:1025,&quot;tablet_portrait_slides_to_scroll&quot;:2,&quot;mobile_breakpoint&quot;:480,&quot;mobile_slides_to_scroll&quot;:1}\" data-variable_width=\"true\" \t>\n\t\t<div\n\t\t\tclass=\"sow-carousel-items\"\n\t\t\t\t\t>\n\t\t\t\t<div class=\"sow-carousel-item\" tabindex=\"-1\" style=\"float: left;\">\n\t\t<div class=\"sow-carousel-thumbnail\">\n\t\t\t\t\t\t\t<a\n\t\t\t\t\thref=\"https:\/\/adric-interculturel.com\/discriminations\/sur-les-femmes-le-sexisme-les-discriminations-et-les-violences-liees-au-sexe\/\"\n\t\t\t\t\t\t\t\t\t\tstyle=\"background-image: url( https:\/\/adric-interculturel.com\/discriminations\/wp-content\/uploads\/2019\/06\/ADRI-Vignette1021x683pxls-page-li\u00e9e-5-1-272x182.jpg )\"\n\t\t\t\t\taria-labelledby=\"sow-carousel-id-128\"\n\t\t\t\t\ttabindex=\"-1\"\n\t\t\t\t>\n\t\t\t\t\t<span class=\"overlay\"><\/span>\n\t\t\t\t<\/a>\n\t\t\t\t\t<\/div>\n\t\t<h3 class=\"sow-carousel-item-title\">\n\t\t\t<a\n\t\t\t\thref=\"https:\/\/adric-interculturel.com\/discriminations\/sur-les-femmes-le-sexisme-les-discriminations-et-les-violences-liees-au-sexe\/\"\n\t\t\t\tid=\"sow-carousel-id-128\"\n\t\t\t\t\t\t\t\ttabindex=\"-1\"\n\t\t\t>\n\n\t\t\t\tSur les femmes, le sexisme, les discriminations et les violences li\u00e9es au sexe\t\t\t<\/a>\n\t\t<\/h3>\n\t<\/div>\n\t\t<div class=\"sow-carousel-item\" tabindex=\"-1\" style=\"float: left;\">\n\t\t<div class=\"sow-carousel-thumbnail\">\n\t\t\t\t\t\t\t<a\n\t\t\t\t\thref=\"https:\/\/adric-interculturel.com\/discriminations\/sur-le-racisme-lantisemitisme-et-les-discriminations\/\"\n\t\t\t\t\t\t\t\t\t\tstyle=\"background-image: url( https:\/\/adric-interculturel.com\/discriminations\/wp-content\/uploads\/2019\/06\/ADRI-Vignette1021x683pxls-page-li\u00e9e-5-2-272x182.jpg )\"\n\t\t\t\t\taria-labelledby=\"sow-carousel-id-137\"\n\t\t\t\t\ttabindex=\"-1\"\n\t\t\t\t>\n\t\t\t\t\t<span class=\"overlay\"><\/span>\n\t\t\t\t<\/a>\n\t\t\t\t\t<\/div>\n\t\t<h3 class=\"sow-carousel-item-title\">\n\t\t\t<a\n\t\t\t\thref=\"https:\/\/adric-interculturel.com\/discriminations\/sur-le-racisme-lantisemitisme-et-les-discriminations\/\"\n\t\t\t\tid=\"sow-carousel-id-137\"\n\t\t\t\t\t\t\t\ttabindex=\"-1\"\n\t\t\t>\n\n\t\t\t\tSur le racisme, l\u2019antis\u00e9mitisme et les discriminations\t\t\t<\/a>\n\t\t<\/h3>\n\t<\/div>\n\t\t<div class=\"sow-carousel-item\" tabindex=\"-1\" style=\"float: left;\">\n\t\t<div class=\"sow-carousel-thumbnail\">\n\t\t\t\t\t\t\t<a\n\t\t\t\t\thref=\"https:\/\/adric-interculturel.com\/discriminations\/sur-lasile-et-limmigration\/\"\n\t\t\t\t\t\t\t\t\t\tstyle=\"background-image: url( https:\/\/adric-interculturel.com\/discriminations\/wp-content\/uploads\/2019\/06\/ADRI-Vignette1021x683pxls-page-li\u00e9e-5-3-272x182.jpg )\"\n\t\t\t\t\taria-labelledby=\"sow-carousel-id-142\"\n\t\t\t\t\ttabindex=\"-1\"\n\t\t\t\t>\n\t\t\t\t\t<span class=\"overlay\"><\/span>\n\t\t\t\t<\/a>\n\t\t\t\t\t<\/div>\n\t\t<h3 class=\"sow-carousel-item-title\">\n\t\t\t<a\n\t\t\t\thref=\"https:\/\/adric-interculturel.com\/discriminations\/sur-lasile-et-limmigration\/\"\n\t\t\t\tid=\"sow-carousel-id-142\"\n\t\t\t\t\t\t\t\ttabindex=\"-1\"\n\t\t\t>\n\n\t\t\t\tSur l&#8217;asile et l&#8217;immigration\t\t\t<\/a>\n\t\t<\/h3>\n\t<\/div>\n\t\t<div class=\"sow-carousel-item\" tabindex=\"-1\" style=\"float: left;\">\n\t\t<div class=\"sow-carousel-thumbnail\">\n\t\t\t\t\t\t\t<a\n\t\t\t\t\thref=\"https:\/\/adric-interculturel.com\/discriminations\/etudes-dispositifs-et-outils-pratiques\/\"\n\t\t\t\t\t\t\t\t\t\tstyle=\"background-image: url( https:\/\/adric-interculturel.com\/discriminations\/wp-content\/uploads\/2019\/06\/ADRI-Vignette1021x683pxls-page-li\u00e9e-5-4-272x182.jpg )\"\n\t\t\t\t\taria-labelledby=\"sow-carousel-id-478\"\n\t\t\t\t\ttabindex=\"-1\"\n\t\t\t\t>\n\t\t\t\t\t<span class=\"overlay\"><\/span>\n\t\t\t\t<\/a>\n\t\t\t\t\t<\/div>\n\t\t<h3 class=\"sow-carousel-item-title\">\n\t\t\t<a\n\t\t\t\thref=\"https:\/\/adric-interculturel.com\/discriminations\/etudes-dispositifs-et-outils-pratiques\/\"\n\t\t\t\tid=\"sow-carousel-id-478\"\n\t\t\t\t\t\t\t\ttabindex=\"-1\"\n\t\t\t>\n\n\t\t\t\t\u00c9tudes, outils pratiques, associations\t\t\t<\/a>\n\t\t<\/h3>\n\t<\/div>\n\t\t\t<\/div>\n\t\t\t<\/div>\n\n\t<\/div>\n\t\t<input type=\"hidden\" name=\"instance_hash\" value=\"1f24c874\"\/>\n\t<\/div>\n<\/div><\/div><\/div><\/div><div id=\"pg-490-1\"  class=\"panel-grid panel-no-style\" ><div id=\"pgc-490-1-0\"  class=\"panel-grid-cell\" ><div id=\"panel-490-1-0-0\" class=\"so-panel widget widget_sow-editor panel-first-child panel-last-child\" data-index=\"6\" ><div class=\"panel-widget-style panel-widget-style-for-490-1-0-0\" ><div\n\t\t\t\n\t\t\tclass=\"so-widget-sow-editor so-widget-sow-editor-base\"\n\t\t\t\n\t\t>\n<div class=\"siteorigin-widget-tinymce textwidget\">\n\t<p>L\u2019ADRIC est une association qui agit dans le but de faire conna\u00eetre, de d\u00e9velopper et de promouvoir la citoyennet\u00e9, l\u2019\u00e9galit\u00e9, la libert\u00e9 et la la\u00efcit\u00e9 en prenant en compte la dimension interculturelle de la soci\u00e9t\u00e9.<\/p>\n<\/div>\n<\/div><\/div><\/div><\/div><div id=\"pgc-490-1-1\"  class=\"panel-grid-cell\" ><div id=\"panel-490-1-1-0\" class=\"so-panel widget widget_sow-editor panel-first-child panel-last-child\" data-index=\"7\" ><div class=\"panel-widget-style panel-widget-style-for-490-1-1-0\" ><div\n\t\t\t\n\t\t\tclass=\"so-widget-sow-editor so-widget-sow-editor-base\"\n\t\t\t\n\t\t>\n<div class=\"siteorigin-widget-tinymce textwidget\">\n\t<p>Nous proposons des s\u00e9ances de formation et de sensibilisation sur site, et r\u00e9alisations des \u00e9tudes, diagnostics, recherche-actions et des guides p\u00e9dagogiques.<\/p>\n<\/div>\n<\/div><\/div><\/div><\/div><div id=\"pgc-490-1-2\"  class=\"panel-grid-cell\" ><div id=\"panel-490-1-2-0\" class=\"so-panel widget widget_sow-editor panel-first-child\" data-index=\"8\" ><div class=\"panel-widget-style panel-widget-style-for-490-1-2-0\" ><div\n\t\t\t\n\t\t\tclass=\"so-widget-sow-editor so-widget-sow-editor-base\"\n\t\t\t\n\t\t>\n<div class=\"siteorigin-widget-tinymce textwidget\">\n\t<p>Pour plus d\u2019informations sur l\u2019ensemble de nos actions et les interventions que nous proposons, veuillez nous contacter :<\/p>\n<\/div>\n<\/div><\/div><\/div><div id=\"panel-490-1-2-1\" class=\"so-panel widget widget_sow-button\" data-index=\"9\" ><div\n\t\t\t\n\t\t\tclass=\"so-widget-sow-button so-widget-sow-button-atom-fa45578db96b-478\"\n\t\t\t\n\t\t><div class=\"ow-button-base ow-button-align-center\"\n>\n\t\t\t<a\n\t\t\t\t\thref=\"mailto:adric@adric.eu\"\n\t\t\t\t\tclass=\"sowb-button ow-icon-placement-left ow-button-hover\" target=\"_blank\" rel=\"noopener noreferrer\" \t>\n\t\t<span>\n\t\t\t\n\t\t\tadric@adric.eu\t\t<\/span>\n\t\t\t<\/a>\n\t<\/div>\n<\/div><\/div><div id=\"panel-490-1-2-2\" class=\"so-panel widget widget_sow-button panel-last-child\" data-index=\"10\" ><div\n\t\t\t\n\t\t\tclass=\"so-widget-sow-button so-widget-sow-button-atom-fa45578db96b-478\"\n\t\t\t\n\t\t><div class=\"ow-button-base ow-button-align-center\"\n>\n\t\t\t<a\n\t\t\t\t\thref=\"tel:+33143368923\"\n\t\t\t\t\tclass=\"sowb-button ow-icon-placement-left ow-button-hover\" target=\"_blank\" rel=\"noopener noreferrer\" \t>\n\t\t<span>\n\t\t\t\n\t\t\t01 43 36 89 23\t\t<\/span>\n\t\t\t<\/a>\n\t<\/div>\n<\/div><\/div><\/div><\/div><\/div>","protected":false},"excerpt":{"rendered":"<p>L\u2019ADRIC est une association qui agit dans le but de faire conna\u00eetre, de d\u00e9velopper et de promouvoir la citoyennet\u00e9, l\u2019\u00e9galit\u00e9, la libert\u00e9 et la la\u00efcit\u00e9 en prenant en compte la dimension interculturelle de la soci\u00e9t\u00e9. Nous proposons des s\u00e9ances de formation et de sensibilisation sur site, et r\u00e9alisations des \u00e9tudes, diagnostics, recherche-actions et des guides [&hellip;]<\/p>\n","protected":false},"author":1,"featured_media":0,"parent":0,"menu_order":0,"comment_status":"closed","ping_status":"closed","template":"","meta":{"om_disable_all_campaigns":false,"_monsterinsights_skip_tracking":false,"_monsterinsights_sitenote_active":false,"_monsterinsights_sitenote_note":"","_monsterinsights_sitenote_category":0,"ocean_post_layout":"","ocean_both_sidebars_style":"","ocean_both_sidebars_content_width":0,"ocean_both_sidebars_sidebars_width":0,"ocean_sidebar":"0","ocean_second_sidebar":"0","ocean_disable_margins":"enable","ocean_add_body_class":"","ocean_shortcode_before_top_bar":"","ocean_shortcode_after_top_bar":"","ocean_shortcode_before_header":"","ocean_shortcode_after_header":"","ocean_has_shortcode":"","ocean_shortcode_after_title":"","ocean_shortcode_before_footer_widgets":"","ocean_shortcode_after_footer_widgets":"","ocean_shortcode_before_footer_bottom":"","ocean_shortcode_after_footer_bottom":"","ocean_display_top_bar":"default","ocean_display_header":"default","ocean_header_style":"","ocean_center_header_left_menu":"0","ocean_custom_header_template":"0","ocean_custom_logo":0,"ocean_custom_retina_logo":0,"ocean_custom_logo_max_width":0,"ocean_custom_logo_tablet_max_width":0,"ocean_custom_logo_mobile_max_width":0,"ocean_custom_logo_max_height":0,"ocean_custom_logo_tablet_max_height":0,"ocean_custom_logo_mobile_max_height":0,"ocean_header_custom_menu":"0","ocean_menu_typo_font_family":"0","ocean_menu_typo_font_subset":"","ocean_menu_typo_font_size":0,"ocean_menu_typo_font_size_tablet":0,"ocean_menu_typo_font_size_mobile":0,"ocean_menu_typo_font_size_unit":"px","ocean_menu_typo_font_weight":"","ocean_menu_typo_font_weight_tablet":"","ocean_menu_typo_font_weight_mobile":"","ocean_menu_typo_transform":"","ocean_menu_typo_transform_tablet":"","ocean_menu_typo_transform_mobile":"","ocean_menu_typo_line_height":0,"ocean_menu_typo_line_height_tablet":0,"ocean_menu_typo_line_height_mobile":0,"ocean_menu_typo_line_height_unit":"","ocean_menu_typo_spacing":0,"ocean_menu_typo_spacing_tablet":0,"ocean_menu_typo_spacing_mobile":0,"ocean_menu_typo_spacing_unit":"","ocean_menu_link_color":"","ocean_menu_link_color_hover":"","ocean_menu_link_color_active":"","ocean_menu_link_background":"","ocean_menu_link_hover_background":"","ocean_menu_link_active_background":"","ocean_menu_social_links_bg":"","ocean_menu_social_hover_links_bg":"","ocean_menu_social_links_color":"","ocean_menu_social_hover_links_color":"","ocean_disable_title":"default","ocean_disable_heading":"default","ocean_post_title":"","ocean_post_subheading":"Mieux comprendre, observer et analyser","ocean_post_title_style":"","ocean_post_title_background_color":"","ocean_post_title_background":0,"ocean_post_title_bg_image_position":"","ocean_post_title_bg_image_attachment":"","ocean_post_title_bg_image_repeat":"","ocean_post_title_bg_image_size":"","ocean_post_title_height":0,"ocean_post_title_bg_overlay":0.5,"ocean_post_title_bg_overlay_color":"","ocean_disable_breadcrumbs":"default","ocean_breadcrumbs_color":"","ocean_breadcrumbs_separator_color":"","ocean_breadcrumbs_links_color":"","ocean_breadcrumbs_links_hover_color":"","ocean_display_footer_widgets":"default","ocean_display_footer_bottom":"default","ocean_custom_footer_template":"0","footnotes":""},"class_list":["post-490","page","type-page","status-publish","hentry","entry"],"aioseo_notices":[],"_links":{"self":[{"href":"https:\/\/adric-interculturel.com\/discriminations\/wp-json\/wp\/v2\/pages\/490","targetHints":{"allow":["GET"]}}],"collection":[{"href":"https:\/\/adric-interculturel.com\/discriminations\/wp-json\/wp\/v2\/pages"}],"about":[{"href":"https:\/\/adric-interculturel.com\/discriminations\/wp-json\/wp\/v2\/types\/page"}],"author":[{"embeddable":true,"href":"https:\/\/adric-interculturel.com\/discriminations\/wp-json\/wp\/v2\/users\/1"}],"replies":[{"embeddable":true,"href":"https:\/\/adric-interculturel.com\/discriminations\/wp-json\/wp\/v2\/comments?post=490"}],"version-history":[{"count":117,"href":"https:\/\/adric-interculturel.com\/discriminations\/wp-json\/wp\/v2\/pages\/490\/revisions"}],"predecessor-version":[{"id":816,"href":"https:\/\/adric-interculturel.com\/discriminations\/wp-json\/wp\/v2\/pages\/490\/revisions\/816"}],"wp:attachment":[{"href":"https:\/\/adric-interculturel.com\/discriminations\/wp-json\/wp\/v2\/media?parent=490"}],"curies":[{"name":"wp","href":"https:\/\/api.w.org\/{rel}","templated":true}]}}